{"id":9,"date":"2023-12-13T19:11:23","date_gmt":"2023-12-13T22:11:23","guid":{"rendered":"http:\/\/almendralimpresores.cl\/?page_id=9"},"modified":"2023-12-19T17:57:01","modified_gmt":"2023-12-19T20:57:01","slug":"almendral-impresores","status":"publish","type":"page","link":"http:\/\/almendralimpresores.cl\/","title":{"rendered":"Almendral Impresores"},"content":{"rendered":"\n<div class=\"wp-block-group alignfull has-accent-background-color has-background has-global-padding is-content-justification-center is-layout-constrained wp-container-core-group-is-layout-07713731 wp-block-group-is-layout-constrained\" style=\"margin-top:0;margin-bottom:0;padding-top:var(--wp--preset--spacing--50);padding-right:var(--wp--preset--spacing--50);padding-bottom:var(--wp--preset--spacing--50);padding-left:var(--wp--preset--spacing--50)\">\n<div class=\"wp-block-columns alignwide is-layout-flex wp-container-core-columns-is-layout-1da03c2a wp-block-columns-is-layout-flex\">\n<div class=\"wp-block-column is-vertically-aligned-stretch is-layout-flow wp-block-column-is-layout-flow\" style=\"flex-basis:50%\">\n<div class=\"wp-block-group is-vertical is-content-justification-stretch is-layout-flex wp-container-core-group-is-layout-444d5ee8 wp-block-group-is-layout-flex\" style=\"min-height:100%\">\n<p class=\"has-source-serif-pro-font-family has-medium-font-size\" style=\"line-height:1.2\">Almendral Impresores es una empresa de la Regi\u00f3n de Valpara\u00edso, con m\u00e1s de 18 a\u00f1os en el mercado, orientada entregar todos los servicios de impresi\u00f3n.<\/p>\n\n\n\n<div class=\"wp-block-group has-global-padding is-content-justification-left is-layout-constrained wp-container-core-group-is-layout-9fe8ed88 wp-block-group-is-layout-constrained\">\n<div class=\"wp-block-buttons is-layout-flex wp-block-buttons-is-layout-flex\">\n<div class=\"wp-block-button is-style-fill\"><a class=\"wp-block-button__link has-base-color has-contrast-background-color has-text-color has-background has-link-color wp-element-button\" href=\"http:\/\/almendralimpresores.cl\/?page_id=37\">Nosotros<\/a><\/div>\n<\/div>\n<\/div>\n<\/div>\n<\/div>\n\n\n\n<div class=\"wp-block-column is-vertically-aligned-center is-layout-flow wp-block-column-is-layout-flow\" style=\"flex-basis:50%\">\n<figure class=\"wp-block-image size-medium is-style-rounded\"><img loading=\"lazy\" decoding=\"async\" width=\"300\" height=\"225\" src=\"http:\/\/almendralimpresores.cl\/wp-content\/uploads\/2023\/12\/carrusel-1-300x225.jpg\" alt=\"\" class=\"wp-image-14\" srcset=\"http:\/\/almendralimpresores.cl\/wp-content\/uploads\/2023\/12\/carrusel-1-300x225.jpg 300w, http:\/\/almendralimpresores.cl\/wp-content\/uploads\/2023\/12\/carrusel-1-768x576.jpg 768w, http:\/\/almendralimpresores.cl\/wp-content\/uploads\/2023\/12\/carrusel-1.jpg 1024w\" sizes=\"auto, (max-width: 300px) 100vw, 300px\" \/><figcaption class=\"wp-element-caption\">Impresos<\/figcaption><\/figure>\n<\/div>\n<\/div>\n<\/div>\n\n\n\n<div class=\"wp-block-group alignfull has-base-background-color has-background has-global-padding is-layout-constrained wp-container-core-group-is-layout-d89aad35 wp-block-group-is-layout-constrained\" style=\"margin-top:0;margin-bottom:0;padding-top:var(--wp--preset--spacing--50);padding-right:var(--wp--preset--spacing--50);padding-bottom:var(--wp--preset--spacing--50);padding-left:var(--wp--preset--spacing--50)\">\n<div class=\"wp-block-columns alignwide is-layout-flex wp-container-core-columns-is-layout-549b0c86 wp-block-columns-is-layout-flex\">\n<div class=\"wp-block-column is-layout-flow wp-container-core-column-is-layout-119bc444 wp-block-column-is-layout-flow\" style=\"flex-basis:60%\">\n<p class=\"has-source-serif-pro-font-family has-large-font-size\" style=\"line-height:1.2\">Con meticulosa atenci\u00f3n al detalle y un compromiso con la excelencia, desarrollamos productos y servicios que promueven y ayudan a nuestros socios y clientes.<\/p>\n\n\n\n<div class=\"wp-block-columns is-layout-flex wp-container-core-columns-is-layout-87beb0d0 wp-block-columns-is-layout-flex\">\n<div class=\"wp-block-column is-layout-flow wp-block-column-is-layout-flow\"><\/div>\n\n\n\n<div class=\"wp-block-column is-layout-flow wp-block-column-is-layout-flow\"><\/div>\n<\/div>\n<\/div>\n<\/div>\n<\/div>\n\n\n\n<div class=\"wp-block-group alignfull has-accent-5-background-color has-background has-global-padding is-layout-constrained wp-container-core-group-is-layout-d89aad35 wp-block-group-is-layout-constrained\" style=\"margin-top:0;margin-bottom:0;padding-top:var(--wp--preset--spacing--50);padding-right:var(--wp--preset--spacing--50);padding-bottom:var(--wp--preset--spacing--50);padding-left:var(--wp--preset--spacing--50)\">\n<div class=\"wp-block-columns alignwide is-layout-flex wp-container-core-columns-is-layout-1da03c2a wp-block-columns-is-layout-flex\">\n<div class=\"wp-block-column is-layout-flow wp-block-column-is-layout-flow\" style=\"flex-basis:40%\">\n<h2 class=\"wp-block-heading has-large-font-size\">Nuestro proceso y trabajo<\/h2>\n\n\n\n<p class=\"has-source-serif-pro-font-family has-medium-font-size\">El desarrollo de trabajos de impresi\u00f3n involucra a distintos profesionales que con su experiencia y creatividad le ayudar\u00e1n a obtener el mejor resultado en todos sus proyectos.<\/p>\n\n\n\n<div class=\"wp-block-buttons is-layout-flex wp-block-buttons-is-layout-flex\">\n<div class=\"wp-block-button\"><a class=\"wp-block-button__link has-base-color has-contrast-background-color has-text-color has-background has-link-color wp-element-button\" href=\"http:\/\/almendralimpresores.cl\/?page_id=2\">Servicios<\/a><\/div>\n<\/div>\n<\/div>\n\n\n\n<div class=\"wp-block-column is-vertically-aligned-center is-layout-flow wp-block-column-is-layout-flow\" style=\"flex-basis:30%\">\n<figure class=\"wp-block-image size-thumbnail is-resized is-style-default wp-duotone-varpresetduotoneduotone-1-1\"><img loading=\"lazy\" decoding=\"async\" width=\"150\" height=\"150\" src=\"http:\/\/almendralimpresores.cl\/wp-content\/uploads\/2023\/12\/carrusel-5-150x150.jpeg\" alt=\"\" class=\"wp-image-18\" style=\"width:295px;height:auto\"\/><\/figure>\n<\/div>\n<\/div>\n<\/div>\n\n\n\n<div class=\"wp-block-group alignfull has-global-padding is-layout-constrained wp-container-core-group-is-layout-669513ed wp-block-group-is-layout-constrained\" style=\"margin-top:0;margin-bottom:0;padding-top:var(--wp--preset--spacing--50);padding-right:var(--wp--preset--spacing--50);padding-bottom:var(--wp--preset--spacing--50);padding-left:var(--wp--preset--spacing--50)\">\n<div class=\"wp-block-group is-vertical is-content-justification-center is-layout-flex wp-container-core-group-is-layout-ce155fab wp-block-group-is-layout-flex\">\n<h2 class=\"wp-block-heading has-text-align-center has-large-font-size\">Nuestro equipo<\/h2>\n\n\n\n<p class=\"has-text-align-center\">Nuestro amplio conjunto de profesionales forman un equipo diverso, que va desde marketing, comercial, dise\u00f1o hasta log\u00edstica.<\/p>\n<\/div>\n\n\n\n<div style=\"height:var(--wp--preset--spacing--30)\" aria-hidden=\"true\" class=\"wp-block-spacer\"><\/div>\n\n\n\n<div class=\"wp-block-columns alignwide is-layout-flex wp-container-core-columns-is-layout-4935966c wp-block-columns-is-layout-flex\" style=\"padding-right:0;padding-left:0\">\n<div class=\"wp-block-column is-layout-flow wp-block-column-is-layout-flow\">\n<figure class=\"wp-block-image size-full is-style-default\"><img loading=\"lazy\" decoding=\"async\" width=\"1024\" height=\"768\" src=\"http:\/\/almendralimpresores.cl\/wp-content\/uploads\/2023\/12\/carrusel-1.jpg\" alt=\"\" class=\"wp-image-14\" style=\"aspect-ratio:1;object-fit:cover\" srcset=\"http:\/\/almendralimpresores.cl\/wp-content\/uploads\/2023\/12\/carrusel-1.jpg 1024w, http:\/\/almendralimpresores.cl\/wp-content\/uploads\/2023\/12\/carrusel-1-300x225.jpg 300w, http:\/\/almendralimpresores.cl\/wp-content\/uploads\/2023\/12\/carrusel-1-768x576.jpg 768w\" sizes=\"auto, (max-width: 1024px) 100vw, 1024px\" \/><figcaption class=\"wp-element-caption\">Impresos<\/figcaption><\/figure>\n\n\n\n<div class=\"wp-block-group is-vertical is-content-justification-center is-nowrap is-layout-flex wp-container-core-group-is-layout-21d4e958 wp-block-group-is-layout-flex\">\n<p class=\"has-text-align-center has-small-font-size\"> <\/p>\n<\/div>\n<\/div>\n\n\n\n<div class=\"wp-block-column is-layout-flow wp-block-column-is-layout-flow\">\n<figure class=\"wp-block-image size-full is-style-default\"><img loading=\"lazy\" decoding=\"async\" width=\"1024\" height=\"766\" src=\"http:\/\/almendralimpresores.cl\/wp-content\/uploads\/2023\/12\/carrusel-4.jpeg\" alt=\"\" class=\"wp-image-17\" style=\"aspect-ratio:1;object-fit:cover\" srcset=\"http:\/\/almendralimpresores.cl\/wp-content\/uploads\/2023\/12\/carrusel-4.jpeg 1024w, http:\/\/almendralimpresores.cl\/wp-content\/uploads\/2023\/12\/carrusel-4-300x224.jpeg 300w, http:\/\/almendralimpresores.cl\/wp-content\/uploads\/2023\/12\/carrusel-4-768x575.jpeg 768w\" sizes=\"auto, (max-width: 1024px) 100vw, 1024px\" \/><figcaption class=\"wp-element-caption\">SpeedMaster<\/figcaption><\/figure>\n\n\n\n<div class=\"wp-block-group is-vertical is-content-justification-center is-nowrap is-layout-flex wp-container-core-group-is-layout-63bfd6c1 wp-block-group-is-layout-flex\">\n<p class=\"has-text-align-center has-small-font-size\"> <\/p>\n<\/div>\n<\/div>\n\n\n\n<div class=\"wp-block-column is-layout-flow wp-block-column-is-layout-flow\">\n<figure class=\"wp-block-image size-full is-style-default\"><img loading=\"lazy\" decoding=\"async\" width=\"1024\" height=\"768\" src=\"http:\/\/almendralimpresores.cl\/wp-content\/uploads\/2023\/12\/carrusel-3.jpg\" alt=\"\" class=\"wp-image-16\" style=\"aspect-ratio:1;object-fit:cover\" srcset=\"http:\/\/almendralimpresores.cl\/wp-content\/uploads\/2023\/12\/carrusel-3.jpg 1024w, http:\/\/almendralimpresores.cl\/wp-content\/uploads\/2023\/12\/carrusel-3-300x225.jpg 300w, http:\/\/almendralimpresores.cl\/wp-content\/uploads\/2023\/12\/carrusel-3-768x576.jpg 768w\" sizes=\"auto, (max-width: 1024px) 100vw, 1024px\" \/><figcaption class=\"wp-element-caption\">Unidad de prensa<\/figcaption><\/figure>\n\n\n\n<div class=\"wp-block-group is-vertical is-content-justification-center is-nowrap is-layout-flex wp-container-core-group-is-layout-63bfd6c1 wp-block-group-is-layout-flex\">\n<p class=\"has-text-align-center has-small-font-size\"> <\/p>\n\n\n\n<p class=\"has-text-align-center has-small-font-size\"><\/p>\n<\/div>\n<\/div>\n\n\n\n<div class=\"wp-block-column is-layout-flow wp-block-column-is-layout-flow\">\n<figure class=\"wp-block-image size-full is-resized is-style-default\"><img loading=\"lazy\" decoding=\"async\" width=\"1024\" height=\"766\" src=\"http:\/\/almendralimpresores.cl\/wp-content\/uploads\/2023\/12\/carrusel-2.jpg\" alt=\"\" class=\"wp-image-15\" style=\"width:368px;height:auto\" srcset=\"http:\/\/almendralimpresores.cl\/wp-content\/uploads\/2023\/12\/carrusel-2.jpg 1024w, http:\/\/almendralimpresores.cl\/wp-content\/uploads\/2023\/12\/carrusel-2-300x224.jpg 300w, http:\/\/almendralimpresores.cl\/wp-content\/uploads\/2023\/12\/carrusel-2-768x575.jpg 768w\" sizes=\"auto, (max-width: 1024px) 100vw, 1024px\" \/><figcaption class=\"wp-element-caption\">Carga de papel<\/figcaption><\/figure>\n\n\n\n<div class=\"wp-block-group is-vertical is-content-justification-center is-nowrap is-layout-flex wp-container-core-group-is-layout-21d4e958 wp-block-group-is-layout-flex\">\n<p class=\"has-text-align-center has-small-font-size\"> <\/p>\n\n\n\n<p class=\"has-text-align-center has-small-font-size\"><\/p>\n<\/div>\n<\/div>\n<\/div>\n<\/div>\n\n\n\n\n\n<div class=\"wp-block-group alignfull has-base-color has-contrast-background-color has-text-color has-background has-link-color wp-elements-465a638c212a5042f5e183876d407830 has-global-padding is-layout-constrained wp-container-core-group-is-layout-d89aad35 wp-block-group-is-layout-constrained\" style=\"margin-top:0;margin-bottom:0;padding-top:var(--wp--preset--spacing--50);padding-right:var(--wp--preset--spacing--50);padding-bottom:var(--wp--preset--spacing--50);padding-left:var(--wp--preset--spacing--50)\">\n<h6 class=\"wp-block-heading alignwide has-base-color has-text-color has-link-color has-small-font-size wp-elements-5273bf1faaf3cccf937a9840f0584612\" style=\"letter-spacing:-0.02em\">FAQs<\/h6>\n\n\n\n<div class=\"wp-block-group alignwide is-layout-flow wp-block-group-is-layout-flow\">\n<hr class=\"wp-block-separator has-text-color has-base-color has-alpha-channel-opacity has-base-background-color has-background is-style-wide\"\/>\n\n\n\n<details class=\"wp-block-details is-style-arrow-icon-details has-medium-font-size is-layout-flow wp-block-details-is-layout-flow\" style=\"border-top-style:none;border-top-width:0px;border-right-style:none;border-right-width:0px;border-bottom-color:var(--wp--preset--color--base);border-bottom-style:solid;border-bottom-width:1px;border-left-style:none;border-left-width:0px;margin-top:0\"><summary>\u00bfComo contactar a un asesor comercial?<\/summary>\n<p class=\"has-contrast-1-color has-text-color has-link-color wp-elements-d2e9d2494670a1bf4c470855fbdec99e\">Puede contactar a un asesor comercial a trav\u00e9s del tel\u00e9fono 32226 4071 o enviando un correo electr\u00f3nico a cotizaciones@almendralimpresores.cl.<\/p>\n<\/details>\n\n\n\n<details class=\"wp-block-details is-style-arrow-icon-details has-medium-font-size is-layout-flow wp-block-details-is-layout-flow\" style=\"border-top-style:none;border-top-width:0px;border-right-style:none;border-right-width:0px;border-bottom-color:var(--wp--preset--color--base);border-bottom-style:solid;border-bottom-width:1px;border-left-style:none;border-left-width:0px;margin-top:0\"><summary>\u00bfC\u00f3mo solicitar una cotizaci\u00f3n?<\/summary>\n<p class=\"has-contrast-1-color has-text-color has-link-color wp-elements-e9203ee8491bfc5bb3386fe0b19cf058\">Para cotizar un trabajo env\u00ede la mayor cantidad de datos que disponga a cotizaciones@almendralimpresores.cl.<\/p>\n<\/details>\n\n\n\n<details class=\"wp-block-details is-style-arrow-icon-details has-medium-font-size is-layout-flow wp-block-details-is-layout-flow\" style=\"border-top-style:none;border-top-width:0px;border-right-style:none;border-right-width:0px;border-bottom-color:var(--wp--preset--color--base);border-bottom-style:solid;border-bottom-width:1px;border-left-style:none;border-left-width:0px;margin-top:0\"><summary>\u00bfQu\u00e9 se necesita para hacer un trabajo de impresi\u00f3n?<\/summary>\n<p class=\"has-contrast-1-color has-text-color has-link-color wp-elements-a0218ec9a1c040494494f82d1f264529\">Si se dispone del dise\u00f1o y las im\u00e1genes puede contactar a un asesor comercial que lo orientar\u00e1 sobre el proceso.<\/p>\n<\/details>\n\n\n\n<details class=\"wp-block-details is-style-arrow-icon-details has-medium-font-size is-layout-flow wp-block-details-is-layout-flow\" style=\"border-top-style:none;border-top-width:0px;border-right-style:none;border-right-width:0px;border-bottom-color:var(--wp--preset--color--base);border-bottom-style:solid;border-bottom-width:1px;border-left-style:none;border-left-width:0px;margin-top:0\"><summary>\u00bfQu\u00e9 otros servicios se necesitan adem\u00e1s de imprimir?<\/summary>\n<p class=\"has-contrast-1-color has-text-color has-link-color wp-elements-b3bfac80955da07ccd9833f87bdc184b\">Una vez impreso puede Ud retirar en la Planta Impresora o solicitar que lo env\u00eden a la direcci\u00f3n que se indique.<\/p>\n<\/details>\n\n\n\n<div style=\"margin-top:var(--wp--preset--spacing--10);margin-bottom:0;height:var(--wp--preset--spacing--10)\" aria-hidden=\"true\" class=\"wp-block-spacer\"><\/div>\n<\/div>\n<\/div>\n","protected":false},"excerpt":{"rendered":"<p>Almendral Impresores es una empresa de la Regi\u00f3n de Valpara\u00edso, con m\u00e1s de 18 a\u00f1os en el mercado, orientada entregar todos los servicios de impresi\u00f3n. Con meticulosa atenci\u00f3n al detalle y un compromiso con la excelencia, desarrollamos productos y servicios que promueven y ayudan a nuestros socios y clientes. Nuestro proceso y trabajo El desarrollo [&hellip;]<\/p>\n","protected":false},"author":1,"featured_media":0,"parent":0,"menu_order":0,"comment_status":"closed","ping_status":"closed","template":"","meta":{"footnotes":""},"class_list":["post-9","page","type-page","status-publish","hentry"],"_links":{"self":[{"href":"http:\/\/almendralimpresores.cl\/index.php?rest_route=\/wp\/v2\/pages\/9","targetHints":{"allow":["GET"]}}],"collection":[{"href":"http:\/\/almendralimpresores.cl\/index.php?rest_route=\/wp\/v2\/pages"}],"about":[{"href":"http:\/\/almendralimpresores.cl\/index.php?rest_route=\/wp\/v2\/types\/page"}],"author":[{"embeddable":true,"href":"http:\/\/almendralimpresores.cl\/index.php?rest_route=\/wp\/v2\/users\/1"}],"replies":[{"embeddable":true,"href":"http:\/\/almendralimpresores.cl\/index.php?rest_route=%2Fwp%2Fv2%2Fcomments&post=9"}],"version-history":[{"count":28,"href":"http:\/\/almendralimpresores.cl\/index.php?rest_route=\/wp\/v2\/pages\/9\/revisions"}],"predecessor-version":[{"id":66,"href":"http:\/\/almendralimpresores.cl\/index.php?rest_route=\/wp\/v2\/pages\/9\/revisions\/66"}],"wp:attachment":[{"href":"http:\/\/almendralimpresores.cl\/index.php?rest_route=%2Fwp%2Fv2%2Fmedia&parent=9"}],"curies":[{"name":"wp","href":"https:\/\/api.w.org\/{rel}","templated":true}]}}